{"id":63,"date":"2018-05-23T22:30:27","date_gmt":"2018-05-23T22:30:27","guid":{"rendered":"http:\/\/new.choraledumoulin.net\/?page_id=63"},"modified":"2018-06-02T11:56:50","modified_gmt":"2018-06-02T11:56:50","slug":"repertoire","status":"publish","type":"page","link":"https:\/\/new.choraledumoulin.net\/index.php\/repertoire\/","title":{"rendered":"R\u00e9pertoire"},"content":{"rendered":"<table width=\"485\">\n<tbody>\n<tr>\n<td colspan=\"2\" width=\"485\">\n<h4><strong>R\u00e9pertoire principal<\/strong><\/h4>\n<\/td>\n<\/tr>\n<tr>\n<td><strong>Ann\u00e9e<\/strong><\/td>\n<td><strong>\u0152uvres<\/strong><\/td>\n<\/tr>\n<tr>\n<td>1997-1998<\/td>\n<td>Gloria de Antonio Vivaldi (RV 589)<\/td>\n<\/tr>\n<tr>\n<td>1998-1999<\/td>\n<td>Cantique de Jean Racine de Gabriel Faur\u00e9<\/td>\n<\/tr>\n<tr>\n<td>1999-2000<\/td>\n<td>Te Deum de Wolfgang Mozart (KV 141)<\/td>\n<\/tr>\n<tr>\n<td><\/td>\n<td>Credo de Antonio Vivaldi (RV 591)<\/td>\n<\/tr>\n<tr>\n<td>2001-2002<\/td>\n<td>Requiem de Wolfgang Mozart (K 626<\/td>\n<\/tr>\n<tr>\n<td>2002-2003<\/td>\n<td>Adspice Domine de F\u00e9lix Mendelssohn opus 121)<\/td>\n<\/tr>\n<tr>\n<td><\/td>\n<td>Magnificat de Johann Pachelbel<\/td>\n<\/tr>\n<tr>\n<td>2004-2005<\/td>\n<td>Messe aux chapelles de Charles Gounod<\/td>\n<\/tr>\n<tr>\n<td><\/td>\n<td>Psaume 42 de F\u00e9lix Mendelssohn<\/td>\n<\/tr>\n<tr>\n<td>2005-2006<\/td>\n<td>Messe en sol de Franz Schubert (D 167)<\/td>\n<\/tr>\n<tr>\n<td>2006-2007<\/td>\n<td>Messe de Sainte C\u00e9cile deCharles Gounod<\/td>\n<\/tr>\n<tr>\n<td><\/td>\n<td>Fantaisie chorale de Ludwig van Beethoven (opus 80)<\/td>\n<\/tr>\n<tr>\n<td><\/td>\n<td>Ich lasse dich nicht de Jean Christophe Bach (BWV Anh 159)<\/td>\n<\/tr>\n<tr>\n<td><\/td>\n<td>Jesu meine Freude de Jean S\u00e9bastien Bach (BWV 227)<\/td>\n<\/tr>\n<tr>\n<td><\/td>\n<td>Beaus vir de Antonio Vivaldi (RV 597)<\/td>\n<\/tr>\n<tr>\n<td>2007-2008<\/td>\n<td width=\"420\">Motets de C\u00e9sar Franck : Ave Maria,<br \/>\nDomine non secundum, Panis angelicus, Dextera Domine<\/td>\n<\/tr>\n<tr>\n<td>2009-2010<\/td>\n<td>Der Herr est mit mir de Dietrich Buxtehude<\/td>\n<\/tr>\n<tr>\n<td><\/td>\n<td>Cantate Domino de Dietrich Buxtehude<\/td>\n<\/tr>\n<tr>\n<td><\/td>\n<td>Lauda Sion de Dietrich Buxtehude BuxWV 68)<\/td>\n<\/tr>\n<tr>\n<td>2010-2011<\/td>\n<td>Petite messe solennelle de Gioacchino Rossini<\/td>\n<\/tr>\n<tr>\n<td>2011-2012<\/td>\n<td>Te Deum de Josef Haydn (Hob XXIIIc :2)<\/td>\n<\/tr>\n<tr>\n<td><\/td>\n<td>Intende voci de Franz Schubert (D 963)<\/td>\n<\/tr>\n<tr>\n<td>2012-2013<\/td>\n<td>Messe en r\u00e9 majeur de Anton Dvorak<\/td>\n<\/tr>\n<tr>\n<td>2013-2014<\/td>\n<td>Magnificat de Antoniio Vivaldi (RV 610)<\/td>\n<\/tr>\n<tr>\n<td><\/td>\n<td>Laetatus sum de Antonio Vivaldi (RV 607)<\/td>\n<\/tr>\n<tr>\n<td><\/td>\n<td>Confitebor de Claudio Monteverdi<\/td>\n<\/tr>\n<tr>\n<td>2014-2015<\/td>\n<td>Requiem en ut mineur de Michael Haydn (MH 155)<\/td>\n<\/tr>\n<tr>\n<td>2015-2016<\/td>\n<td>Regina c\u0153eli de Wolfgang Mozart (KV108)<\/td>\n<\/tr>\n<tr>\n<td><\/td>\n<td>Salve Regina de Josef Haydn (Hob XXIIIb:2)<\/td>\n<\/tr>\n<tr>\n<td>2016-2017<\/td>\n<td>Mirjams Siegesgesang de Franz Schubert (D 942)<\/td>\n<\/tr>\n<tr>\n<td><strong>2017-2018<\/strong><\/td>\n<td>In dulci jubilo de Dietrich Buxtehude (BuxWV 52)<\/td>\n<\/tr>\n<tr>\n<td><\/td>\n<td>Jesu meine Freude de Dietrich Buxtehude (BuxWV 60)<\/td>\n<\/tr>\n<tr>\n<td><\/td>\n<td>Lauda sion de Dietrich Buxtehude (BuxWV 68)<\/td>\n<\/tr>\n<tr>\n<td><\/td>\n<td>Nichts soll uns scheiden de Dietrich Buxtehude (BuxWV 77)<\/td>\n<\/tr>\n<tr>\n<td><\/td>\n<td>Speravi de Dietrich Buxtehude (BuxWV 53)<\/td>\n<\/tr>\n<tr>\n<td><\/td>\n<td><\/td>\n<\/tr>\n<tr>\n<td colspan=\"2\">\n<h4><strong>Autres \u0153uvres<\/strong><\/h4>\n<\/td>\n<\/tr>\n<tr>\n<td><\/td>\n<td>Nocturnes de Wolfgang Mozart<\/td>\n<\/tr>\n<tr>\n<td><\/td>\n<td>Le chant des oiseaux de Cl\u00e9ment Janequin<\/td>\n<\/tr>\n<tr>\n<td><\/td>\n<td>Ave Maria de Josquin des Pr\u00e9s<\/td>\n<\/tr>\n<tr>\n<td><\/td>\n<td>Psaumes de Josef Haydn<\/td>\n<\/tr>\n<tr>\n<td><\/td>\n<td>Chants moraves de Anton Dvorak<\/td>\n<\/tr>\n<tr>\n<td><\/td>\n<td>Sarabande de Georg Friedrich Haendel<\/td>\n<\/tr>\n<tr>\n<td><\/td>\n<td>Ave Maria de Caccini<\/td>\n<\/tr>\n<tr>\n<td><\/td>\n<td>Va pensiero de Giuseppe Verdi<\/td>\n<\/tr>\n<tr>\n<td><\/td>\n<td>Ave verum de Wolgang Mozart<\/td>\n<\/tr>\n<tr>\n<td><\/td>\n<td>Jerusalemme de Bepi de Marzi<\/td>\n<\/tr>\n<tr>\n<td><\/td>\n<td>Adieux des bergers \u00e0 la Sainte Famille (extrait de l'Enfance du Christ) d'Hector Berlioz<\/td>\n<\/tr>\n<\/tbody>\n<\/table>\n","protected":false},"excerpt":{"rendered":"<p>R\u00e9pertoire principal Ann\u00e9e \u0152uvres 1997-1998 Gloria de Antonio Vivaldi (RV 589) 1998-1999 Cantique de Jean Racine de Gabriel Faur\u00e9 1999-2000 Te Deum de Wolfgang Mozart (KV 141) Credo de Antonio Vivaldi (RV 591) 2001-2002 Requiem de Wolfgang Mozart (K 626 2002-2003 Adspice Domine de F\u00e9lix Mendelssohn opus 121) Magnificat de Johann Pachelbel 2004-2005 Messe aux <a class=\"more-link\" href=\"https:\/\/new.choraledumoulin.net\/index.php\/repertoire\/\">Lire plus &#8230;<\/a><\/p>\n","protected":false},"author":1,"featured_media":0,"parent":0,"menu_order":0,"comment_status":"closed","ping_status":"closed","template":"","meta":{"footnotes":""},"class_list":["post-63","page","type-page","status-publish","hentry"],"_links":{"self":[{"href":"https:\/\/new.choraledumoulin.net\/index.php\/wp-json\/wp\/v2\/pages\/63","targetHints":{"allow":["GET"]}}],"collection":[{"href":"https:\/\/new.choraledumoulin.net\/index.php\/wp-json\/wp\/v2\/pages"}],"about":[{"href":"https:\/\/new.choraledumoulin.net\/index.php\/wp-json\/wp\/v2\/types\/page"}],"author":[{"embeddable":true,"href":"https:\/\/new.choraledumoulin.net\/index.php\/wp-json\/wp\/v2\/users\/1"}],"replies":[{"embeddable":true,"href":"https:\/\/new.choraledumoulin.net\/index.php\/wp-json\/wp\/v2\/comments?post=63"}],"version-history":[{"count":1,"href":"https:\/\/new.choraledumoulin.net\/index.php\/wp-json\/wp\/v2\/pages\/63\/revisions"}],"predecessor-version":[{"id":65,"href":"https:\/\/new.choraledumoulin.net\/index.php\/wp-json\/wp\/v2\/pages\/63\/revisions\/65"}],"wp:attachment":[{"href":"https:\/\/new.choraledumoulin.net\/index.php\/wp-json\/wp\/v2\/media?parent=63"}],"curies":[{"name":"wp","href":"https:\/\/api.w.org\/{rel}","templated":true}]}}